{"version":"1.0","provider_name":"AASSDN | Anciens et Amis des Services Sp\u00e9ciaux","provider_url":"https:\/\/aassdn.org\/amicale","author_name":"AASSDN","author_url":"https:\/\/aassdn.org\/amicale\/author\/laure-fanjeau\/","title":"Vid\u00e9o : La France sous d\u00e9pendance des capitaux \u00e9trangers | AASSDN | Anciens et Amis des Services Sp\u00e9ciaux","type":"rich","width":600,"height":338,"html":"<blockquote class=\"wp-embedded-content\" data-secret=\"nvuQfDStno\"><a href=\"https:\/\/aassdn.org\/amicale\/video-la-france-sous-dependance-des-capitaux-etrangers\/\">Vid\u00e9o : La France sous d\u00e9pendance des capitaux \u00e9trangers<\/a><\/blockquote><iframe sandbox=\"allow-scripts\" security=\"restricted\" src=\"https:\/\/aassdn.org\/amicale\/video-la-france-sous-dependance-des-capitaux-etrangers\/embed\/#?secret=nvuQfDStno\" width=\"600\" height=\"338\" title=\"\u00ab\u00a0Vid\u00e9o : La France sous d\u00e9pendance des capitaux \u00e9trangers\u00a0\u00bb &#8212; AASSDN | Anciens et Amis des Services Sp\u00e9ciaux\" data-secret=\"nvuQfDStno\" frameborder=\"0\" marginwidth=\"0\" marginheight=\"0\" scrolling=\"no\" class=\"wp-embedded-content\"><\/iframe><script type=\"text\/javascript\">\n\/* <![CDATA[ *\/\n\/*! This file is auto-generated *\/\n!function(d,l){\"use strict\";l.querySelector&&d.addEventListener&&\"undefined\"!=typeof URL&&(d.wp=d.wp||{},d.wp.receiveEmbedMessage||(d.wp.receiveEmbedMessage=function(e){var t=e.data;if((t||t.secret||t.message||t.value)&&!\/[^a-zA-Z0-9]\/.test(t.secret)){for(var s,r,n,a=l.querySelectorAll('iframe[data-secret=\"'+t.secret+'\"]'),o=l.querySelectorAll('blockquote[data-secret=\"'+t.secret+'\"]'),c=new RegExp(\"^https?:$\",\"i\"),i=0;i<o.length;i++)o[i].style.display=\"none\";for(i=0;i<a.length;i++)s=a[i],e.source===s.contentWindow&&(s.removeAttribute(\"style\"),\"height\"===t.message?(1e3<(r=parseInt(t.value,10))?r=1e3:~~r<200&&(r=200),s.height=r):\"link\"===t.message&&(r=new URL(s.getAttribute(\"src\")),n=new URL(t.value),c.test(n.protocol))&&n.host===r.host&&l.activeElement===s&&(d.top.location.href=t.value))}},d.addEventListener(\"message\",d.wp.receiveEmbedMessage,!1),l.addEventListener(\"DOMContentLoaded\",function(){for(var e,t,s=l.querySelectorAll(\"iframe.wp-embedded-content\"),r=0;r<s.length;r++)(t=(e=s[r]).getAttribute(\"data-secret\"))||(t=Math.random().toString(36).substring(2,12),e.src+=\"#?secret=\"+t,e.setAttribute(\"data-secret\",t)),e.contentWindow.postMessage({message:\"ready\",secret:t},\"*\")},!1)))}(window,document);\n\/\/# sourceURL=https:\/\/aassdn.org\/amicale\/wp-includes\/js\/wp-embed.min.js\n\/* ]]> *\/\n<\/script>\n","thumbnail_url":"https:\/\/aassdn.org\/amicale\/wp-content\/uploads\/compte-youtube-alain-juillet.jpg","thumbnail_width":539,"thumbnail_height":305,"description":"Dans cette nouvelle \u00e9mission, Alain Juillet et Claude Medori re\u00e7oivent Fran\u00e7ois-Xavier Carayon, auteur du livre \u00ab Les \u00c9tats pr\u00e9dateurs \u00bb. Nous analysons la puissance financi\u00e8re de certains \u00e9tats via des fonds souverains ou des entreprises publiques qui investissent massivement dans les \u00e9conomies occidentales et dont le poids dans les \u00e9conomies locales leurs permettent d\u2019influencer les [&hellip;]"}