{"version":"1.0","provider_name":"AASSDN | Anciens et Amis des Services Sp\u00e9ciaux","provider_url":"https:\/\/aassdn.org\/amicale","author_name":"AASSDN","author_url":"https:\/\/aassdn.org\/amicale\/author\/wordpress\/","title":"T\u00e9moignage d'un d\u00e9port\u00e9 \u00e0 Buchenwald - Septembre 1944 | AASSDN | Anciens et Amis des Services Sp\u00e9ciaux","type":"rich","width":600,"height":338,"html":"<blockquote class=\"wp-embedded-content\" data-secret=\"RqtGdK57U3\"><a href=\"https:\/\/aassdn.org\/amicale\/temoignage-dun-deporte-a-buchenwald-septembre-1944\/\">T\u00e9moignage d&#8217;un d\u00e9port\u00e9 \u00e0 Buchenwald &#8211; Septembre 1944<\/a><\/blockquote><iframe sandbox=\"allow-scripts\" security=\"restricted\" src=\"https:\/\/aassdn.org\/amicale\/temoignage-dun-deporte-a-buchenwald-septembre-1944\/embed\/#?secret=RqtGdK57U3\" width=\"600\" height=\"338\" title=\"\u00ab\u00a0T\u00e9moignage d&#8217;un d\u00e9port\u00e9 \u00e0 Buchenwald &#8211; Septembre 1944\u00a0\u00bb &#8212; AASSDN | Anciens et Amis des Services Sp\u00e9ciaux\" data-secret=\"RqtGdK57U3\" frameborder=\"0\" marginwidth=\"0\" marginheight=\"0\" scrolling=\"no\" class=\"wp-embedded-content\"><\/iframe><script type=\"text\/javascript\">\n\/* <![CDATA[ *\/\n\/*! This file is auto-generated *\/\n!function(d,l){\"use strict\";l.querySelector&&d.addEventListener&&\"undefined\"!=typeof URL&&(d.wp=d.wp||{},d.wp.receiveEmbedMessage||(d.wp.receiveEmbedMessage=function(e){var t=e.data;if((t||t.secret||t.message||t.value)&&!\/[^a-zA-Z0-9]\/.test(t.secret)){for(var s,r,n,a=l.querySelectorAll('iframe[data-secret=\"'+t.secret+'\"]'),o=l.querySelectorAll('blockquote[data-secret=\"'+t.secret+'\"]'),c=new RegExp(\"^https?:$\",\"i\"),i=0;i<o.length;i++)o[i].style.display=\"none\";for(i=0;i<a.length;i++)s=a[i],e.source===s.contentWindow&&(s.removeAttribute(\"style\"),\"height\"===t.message?(1e3<(r=parseInt(t.value,10))?r=1e3:~~r<200&&(r=200),s.height=r):\"link\"===t.message&&(r=new URL(s.getAttribute(\"src\")),n=new URL(t.value),c.test(n.protocol))&&n.host===r.host&&l.activeElement===s&&(d.top.location.href=t.value))}},d.addEventListener(\"message\",d.wp.receiveEmbedMessage,!1),l.addEventListener(\"DOMContentLoaded\",function(){for(var e,t,s=l.querySelectorAll(\"iframe.wp-embedded-content\"),r=0;r<s.length;r++)(t=(e=s[r]).getAttribute(\"data-secret\"))||(t=Math.random().toString(36).substring(2,12),e.src+=\"#?secret=\"+t,e.setAttribute(\"data-secret\",t)),e.contentWindow.postMessage({message:\"ready\",secret:t},\"*\")},!1)))}(window,document);\n\/\/# sourceURL=https:\/\/aassdn.org\/amicale\/wp-includes\/js\/wp-embed.min.js\n\/* ]]> *\/\n<\/script>\n","description":"Voici un t\u00e9moignage exceptionnel d\u2019Auguste Favier, d\u00e9port\u00e9, communiqu\u00e9 \u00e0 notre d\u00e9l\u00e9gu\u00e9 de la Manche, Jean-Claude Hamel, par Philippe Lerebourg. Nous leur exprimons notre profonde gratitude. Ce t\u00e9moignage bien \u00e9mouvant ravive, deux ans apr\u00e8s, le souvenir qu\u2019ont gard\u00e9 celles et ceux qui ont accompli avec moi cet inoubliable p\u00e8lerinage de m\u00e9moire du 15 octobre 2010 v\u00e9cu [&hellip;]"}