{"version":"1.0","provider_name":"AASSDN | Anciens et Amis des Services Sp\u00e9ciaux","provider_url":"https:\/\/aassdn.org\/amicale","author_name":"AASSDN","author_url":"https:\/\/aassdn.org\/amicale\/author\/wordpress\/","title":"Memorial - biographie de Fran\u00e7ois, Joseph ZIEGLER | AASSDN | Anciens et Amis des Services Sp\u00e9ciaux","type":"rich","width":600,"height":338,"html":"<blockquote class=\"wp-embedded-content\" data-secret=\"maRme7ru6P\"><a href=\"https:\/\/aassdn.org\/amicale\/memorial-biographie-de-francois-joseph-ziegler\/\">Memorial &#8211; biographie de Fran\u00e7ois, Joseph ZIEGLER<\/a><\/blockquote><iframe sandbox=\"allow-scripts\" security=\"restricted\" src=\"https:\/\/aassdn.org\/amicale\/memorial-biographie-de-francois-joseph-ziegler\/embed\/#?secret=maRme7ru6P\" width=\"600\" height=\"338\" title=\"\u00ab\u00a0Memorial &#8211; biographie de Fran\u00e7ois, Joseph ZIEGLER\u00a0\u00bb &#8212; AASSDN | Anciens et Amis des Services Sp\u00e9ciaux\" data-secret=\"maRme7ru6P\" frameborder=\"0\" marginwidth=\"0\" marginheight=\"0\" scrolling=\"no\" class=\"wp-embedded-content\"><\/iframe><script type=\"text\/javascript\">\n\/* <![CDATA[ *\/\n\/*! This file is auto-generated *\/\n!function(d,l){\"use strict\";l.querySelector&&d.addEventListener&&\"undefined\"!=typeof URL&&(d.wp=d.wp||{},d.wp.receiveEmbedMessage||(d.wp.receiveEmbedMessage=function(e){var t=e.data;if((t||t.secret||t.message||t.value)&&!\/[^a-zA-Z0-9]\/.test(t.secret)){for(var s,r,n,a=l.querySelectorAll('iframe[data-secret=\"'+t.secret+'\"]'),o=l.querySelectorAll('blockquote[data-secret=\"'+t.secret+'\"]'),c=new RegExp(\"^https?:$\",\"i\"),i=0;i<o.length;i++)o[i].style.display=\"none\";for(i=0;i<a.length;i++)s=a[i],e.source===s.contentWindow&&(s.removeAttribute(\"style\"),\"height\"===t.message?(1e3<(r=parseInt(t.value,10))?r=1e3:~~r<200&&(r=200),s.height=r):\"link\"===t.message&&(r=new URL(s.getAttribute(\"src\")),n=new URL(t.value),c.test(n.protocol))&&n.host===r.host&&l.activeElement===s&&(d.top.location.href=t.value))}},d.addEventListener(\"message\",d.wp.receiveEmbedMessage,!1),l.addEventListener(\"DOMContentLoaded\",function(){for(var e,t,s=l.querySelectorAll(\"iframe.wp-embedded-content\"),r=0;r<s.length;r++)(t=(e=s[r]).getAttribute(\"data-secret\"))||(t=Math.random().toString(36).substring(2,12),e.src+=\"#?secret=\"+t,e.setAttribute(\"data-secret\",t)),e.contentWindow.postMessage({message:\"ready\",secret:t},\"*\")},!1)))}(window,document);\n\/\/# sourceURL=https:\/\/aassdn.org\/amicale\/wp-includes\/js\/wp-embed.min.js\n\/* ]]> *\/\n<\/script>\n","description":"N\u00e9 le 4 octobre 1888\u00a0 \u00e0\u00a0 Chalamp\u00e9 (Haut-Rhin)\u00a0de Emile Ziegler\u00a0 et de\u00a0 Marie-Antoinette Walter\u00a0Epouse:\u00a0 Marguerite, Alice Schoch\u00a0Profession: commercial\u00a0D\u00e9c\u00e9d\u00e9 le 24 ao\u00fbt ou le 10 mai 1944\u00a0 \u00e0\u00a0 Bruchsal (Allemagne,Bade)\u00a0 R\u00e9seaux:\u00a0 S.S.M.F.\/T.R., S.R. Kl\u00e9ber (Bruno) Agent P2 \u00a0 Mobilis\u00e9 en 14-18,\u00a0 Fran\u00e7ois Ziegler avait\u00a0 fait aussi la guerre de 39-40, dans un poste annexe du S.R. [&hellip;]"}