{"version":"1.0","provider_name":"AASSDN | Anciens et Amis des Services Sp\u00e9ciaux","provider_url":"https:\/\/aassdn.org\/amicale","author_name":"AASSDN","author_url":"https:\/\/aassdn.org\/amicale\/author\/wordpress\/","title":"Col. Andr\u00e9 S\u00e9rot de Xertigny \u00e0 J\u00e9rusalem | AASSDN | Anciens et Amis des Services Sp\u00e9ciaux","type":"rich","width":600,"height":338,"html":"<blockquote class=\"wp-embedded-content\" data-secret=\"KtNlY2KjvZ\"><a href=\"https:\/\/aassdn.org\/amicale\/col-andre-serot-de-xertigny-a-jerusalem\/\">Col. Andr\u00e9 S\u00e9rot de Xertigny \u00e0 J\u00e9rusalem<\/a><\/blockquote><iframe sandbox=\"allow-scripts\" security=\"restricted\" src=\"https:\/\/aassdn.org\/amicale\/col-andre-serot-de-xertigny-a-jerusalem\/embed\/#?secret=KtNlY2KjvZ\" width=\"600\" height=\"338\" title=\"\u00ab\u00a0Col. Andr\u00e9 S\u00e9rot de Xertigny \u00e0 J\u00e9rusalem\u00a0\u00bb &#8212; AASSDN | Anciens et Amis des Services Sp\u00e9ciaux\" data-secret=\"KtNlY2KjvZ\" frameborder=\"0\" marginwidth=\"0\" marginheight=\"0\" scrolling=\"no\" class=\"wp-embedded-content\"><\/iframe><script type=\"text\/javascript\">\n\/* <![CDATA[ *\/\n\/*! This file is auto-generated *\/\n!function(d,l){\"use strict\";l.querySelector&&d.addEventListener&&\"undefined\"!=typeof URL&&(d.wp=d.wp||{},d.wp.receiveEmbedMessage||(d.wp.receiveEmbedMessage=function(e){var t=e.data;if((t||t.secret||t.message||t.value)&&!\/[^a-zA-Z0-9]\/.test(t.secret)){for(var s,r,n,a=l.querySelectorAll('iframe[data-secret=\"'+t.secret+'\"]'),o=l.querySelectorAll('blockquote[data-secret=\"'+t.secret+'\"]'),c=new RegExp(\"^https?:$\",\"i\"),i=0;i<o.length;i++)o[i].style.display=\"none\";for(i=0;i<a.length;i++)s=a[i],e.source===s.contentWindow&&(s.removeAttribute(\"style\"),\"height\"===t.message?(1e3<(r=parseInt(t.value,10))?r=1e3:~~r<200&&(r=200),s.height=r):\"link\"===t.message&&(r=new URL(s.getAttribute(\"src\")),n=new URL(t.value),c.test(n.protocol))&&n.host===r.host&&l.activeElement===s&&(d.top.location.href=t.value))}},d.addEventListener(\"message\",d.wp.receiveEmbedMessage,!1),l.addEventListener(\"DOMContentLoaded\",function(){for(var e,t,s=l.querySelectorAll(\"iframe.wp-embedded-content\"),r=0;r<s.length;r++)(t=(e=s[r]).getAttribute(\"data-secret\"))||(t=Math.random().toString(36).substring(2,12),e.src+=\"#?secret=\"+t,e.setAttribute(\"data-secret\",t)),e.contentWindow.postMessage({message:\"ready\",secret:t},\"*\")},!1)))}(window,document);\n\/\/# sourceURL=https:\/\/aassdn.org\/amicale\/wp-includes\/js\/wp-embed.min.js\n\/* ]]> *\/\n<\/script>\n","description":"Document PDF : Il est n\u00e9 \u00e0 Xertigny le 24 juillet 1896. Vosgien, fils d&#8217;un mar\u00e9chal des logis-chef de gendarmerie, il tirait de ses origines simplicit\u00e9, droiture et cet amour de son pays, qui allait conduire sa destin\u00e9e. En 1915, d\u00e8s le d\u00e9but de la premi\u00e8re guerre mondiale, \u00e0 dix-huit ans, il s&#8217;engage dans l&#8217;infanterie. [&hellip;]"}